{"id":7327,"date":"2025-11-21T19:54:27","date_gmt":"2025-11-21T19:54:27","guid":{"rendered":"https:\/\/afos-stiftung.de\/?post_type=projects&#038;p=7327"},"modified":"2025-11-22T00:13:06","modified_gmt":"2025-11-22T00:13:06","slug":"alianza-para-la-formacion-1","status":"publish","type":"projects","link":"https:\/\/afos-stiftung.de\/de\/projects\/alianza-para-la-formacion-1\/","title":{"rendered":"Alianza para la Formaci\u00f3n 1\u00a0"},"content":{"rendered":"\n<p class=\"has-medium-font-size\" style=\"font-style:normal;font-weight:500\">Das Projekt st\u00e4rkte die praxisnahe duale Ausbildung in Tourismus und Digitalwirtschaft und die Integration von jungen Menschen in den Arbeitsmarkt. Zugleich wurde die Sichtbarkeit dualer Bildung durch Kommunikation und Netzwerkaufbau erh\u00f6ht.&nbsp;<\/p>\n\n\n\n<hr class=\"wp-block-separator has-text-color has-black-color has-alpha-channel-opacity has-black-background-color has-background is-style-dots\"\/>\n\n\n\n<div class=\"wp-container-7 wp-block-columns\">\n<div class=\"wp-container-6 wp-block-column\">\n<div class=\"wp-container-5 wp-block-columns\">\n<div class=\"wp-container-4 wp-block-column\" style=\"flex-basis:100%\">\n<div class=\"wp-container-3 wp-block-columns\">\n<div class=\"wp-container-1 wp-block-column\" style=\"flex-basis:75%\">\n<p class=\"has-medium-font-size\" style=\"font-style:normal;font-weight:500;text-transform:uppercase\">Ausgangslage<\/p>\n\n\n\n<p>Nach der Corona-Pandemie erreichte die Jugendarbeitslosigkeit in Kolumbien \u00fcber 25\u202f%. Besonders betroffen waren Jugendliche, Frauen und ethnische Minderheiten. Trotz dieser Herausforderungen z\u00e4hlt Antioquia zu den wirtschaftlich st\u00e4rksten Regionen des Landes: Mit einem Anteil von knapp 15\u202f% am nationalen BIP und einer Vielzahl kleiner und mittlerer Unternehmen besteht ein hoher Bedarf an qualifizierten Fachkr\u00e4ften \u2013 insbesondere in IT, Agrarwirtschaft, Infrastruktur und verarbeitender Industrie. Gleichzeitig fehlen passgenaue Ausbildungsangebote, insbesondere f\u00fcr junge Menschen.&nbsp;&nbsp;<\/p>\n\n\n\n<p class=\"has-medium-font-size\" style=\"font-style:normal;font-weight:500;text-transform:uppercase\">Ziel<\/p>\n\n\n\n<p>Die Projektpartner (Handelskammer Medell\u00edn &amp; Nationaler Ausbildungsdienst) sind in der Lage, die Besch\u00e4ftigungsf\u00e4higkeit von Jugendlichen in ausgew\u00e4hlten Berufen in den Sektoren Tourismus und Digitalwirtschaft in der Provinz Antioquia zu erh\u00f6hen.&nbsp;<\/p>\n\n\n\n<p class=\"has-medium-font-size\" style=\"font-style:normal;font-weight:500;text-transform:uppercase\">ERGEBNISSE<\/p>\n\n\n\n<ul><li>Es wurden <strong>10 duale Ausbildungsprogramme<\/strong> entsprechend der erhobenen Bedarfe in den Bereichen IT, Lebensmittel- und Getr\u00e4nkeindustrie, Gastronomie, Elektro und Handel entwickelt und eingef\u00fchrt&nbsp;<\/li><\/ul>\n\n\n\n<ul><li><strong>39 Unternehmen<\/strong> haben die duale Berufsausbildung erfolgreich in ihren Betrieben umgesetzt.&nbsp;<\/li><\/ul>\n\n\n\n<ul><li><strong>273 junge Menschen<\/strong> haben an dualen Kursen teilgenommen oder eine Ausbildung absolviert, 78 davon wurden \u00fcbernommen oder stehen in einem anderen Besch\u00e4ftigungsverh\u00e4ltnis.&nbsp;<\/li><\/ul>\n\n\n\n<ul><li><strong>349 Projekt- und Kooperationspartner\/innen<\/strong> aus Handelskammern, Unternehmen und Bildungseinrichtungen wurden zur Durchf\u00fchrung dualer Bildung weitergebildet, 88 Personen davon haben sich als Ausbilder\/in qualifiziert und bilden nun junge Menschen aus.&nbsp;<\/li><\/ul>\n<\/div>\n\n\n\n<div class=\"wp-container-2 wp-block-column\" style=\"flex-basis:25%\">\n<p class=\"has-black-color has-text-color has-background\" style=\"background-color:#d2e6e9\"><strong>Projektlaufzeit: <\/strong><br>2021 &#8211; 2024<br><br><strong>Projektbudget: <\/strong><br>1,23 Mio. \u20ac<br><br><strong>Partnerorganisationen: <\/strong><br>CCM, SENA<br><br><strong>Land:<\/strong><br>Kolumbien<br><br><strong>Geldgeber: <\/strong><br>BMZ via sequa<\/p>\n<\/div>\n<\/div>\n<\/div>\n<\/div>\n<\/div>\n<\/div>\n\n\n\n<h3 class=\"has-text-align-center\">UNSERE PARTNER<\/h3>\n\n\n\n<hr class=\"wp-block-separator has-alpha-channel-opacity is-style-dots\"\/>\n\n\n\n<div class=\"wp-container-12 wp-block-columns\">\n<div class=\"wp-container-11 wp-block-column\" style=\"flex-basis:100%\">\n<div class=\"wp-container-10 wp-block-columns\">\n<div class=\"wp-container-8 wp-block-column\"><div class=\"wp-block-image\">\n<figure class=\"aligncenter size-medium\"><a href=\"https:\/\/www.camaramedellin.com.co\/\"><img loading=\"lazy\" width=\"360\" height=\"360\" src=\"https:\/\/afos-stiftung.de\/wp-content\/uploads\/2025\/11\/ccm-360x360.png\" alt=\"\" class=\"wp-image-7328\" srcset=\"https:\/\/afos-stiftung.de\/wp-content\/uploads\/2025\/11\/ccm-360x360.png 360w, https:\/\/afos-stiftung.de\/wp-content\/uploads\/2025\/11\/ccm-1024x1024.png 1024w, https:\/\/afos-stiftung.de\/wp-content\/uploads\/2025\/11\/ccm-150x150.png 150w, https:\/\/afos-stiftung.de\/wp-content\/uploads\/2025\/11\/ccm-768x768.png 768w, https:\/\/afos-stiftung.de\/wp-content\/uploads\/2025\/11\/ccm-242x242.png 242w, https:\/\/afos-stiftung.de\/wp-content\/uploads\/2025\/11\/ccm.png 1200w\" sizes=\"(max-width: 360px) 100vw, 360px\" \/><\/a><\/figure><\/div><\/div>\n\n\n\n<div class=\"wp-container-9 wp-block-column\"><div class=\"wp-block-image\">\n<figure class=\"aligncenter size-medium\"><a href=\"https:\/\/www.sena.edu.co\/\"><img loading=\"lazy\" width=\"360\" height=\"360\" src=\"https:\/\/afos-stiftung.de\/wp-content\/uploads\/2025\/11\/sena-360x360.png\" alt=\"\" class=\"wp-image-7330\" srcset=\"https:\/\/afos-stiftung.de\/wp-content\/uploads\/2025\/11\/sena-360x360.png 360w, https:\/\/afos-stiftung.de\/wp-content\/uploads\/2025\/11\/sena-1024x1024.png 1024w, https:\/\/afos-stiftung.de\/wp-content\/uploads\/2025\/11\/sena-150x150.png 150w, https:\/\/afos-stiftung.de\/wp-content\/uploads\/2025\/11\/sena-768x768.png 768w, https:\/\/afos-stiftung.de\/wp-content\/uploads\/2025\/11\/sena-242x242.png 242w, https:\/\/afos-stiftung.de\/wp-content\/uploads\/2025\/11\/sena.png 1200w\" sizes=\"(max-width: 360px) 100vw, 360px\" \/><\/a><\/figure><\/div><\/div>\n<\/div>\n<\/div>\n<\/div>\n\n\n\n<div class=\"wp-container-14 wp-block-columns\">\n<div class=\"wp-container-13 wp-block-column\"><div class=\"wp-block-image\">\n<figure class=\"aligncenter size-large\"><a href=\"https:\/\/wirtschaft-entwicklung.de\/partners-in-transformation\/kammern-und-verbaende\"><img loading=\"lazy\" width=\"1024\" height=\"235\" src=\"http:\/\/afos-stiftung.de\/wp-content\/uploads\/2025\/11\/PiT_Logobanderole_KVPBBP_Inland-1-1024x235.png\" alt=\"\" class=\"wp-image-7412\" srcset=\"https:\/\/afos-stiftung.de\/wp-content\/uploads\/2025\/11\/PiT_Logobanderole_KVPBBP_Inland-1-1024x235.png 1024w, https:\/\/afos-stiftung.de\/wp-content\/uploads\/2025\/11\/PiT_Logobanderole_KVPBBP_Inland-1-360x83.png 360w, https:\/\/afos-stiftung.de\/wp-content\/uploads\/2025\/11\/PiT_Logobanderole_KVPBBP_Inland-1-768x176.png 768w, https:\/\/afos-stiftung.de\/wp-content\/uploads\/2025\/11\/PiT_Logobanderole_KVPBBP_Inland-1-1536x353.png 1536w, https:\/\/afos-stiftung.de\/wp-content\/uploads\/2025\/11\/PiT_Logobanderole_KVPBBP_Inland-1-2048x470.png 2048w\" sizes=\"(max-width: 1024px) 100vw, 1024px\" \/><\/a><\/figure><\/div><\/div>\n<\/div>\n\n\n\n<p><\/p>\n","protected":false},"featured_media":0,"template":"","acf":[],"yoast_head":"<!-- This site is optimized with the Yoast SEO plugin v19.5.1 - https:\/\/yoast.com\/wordpress\/plugins\/seo\/ -->\n<title>Alianza para la Formaci\u00f3n 1\u00a0 - Afosfoundation<\/title>\n<meta name=\"robots\" content=\"index, follow, max-snippet:-1, max-image-preview:large, max-video-preview:-1\" \/>\n<link rel=\"canonical\" href=\"https:\/\/afos-stiftung.de\/de\/projects\/alianza-para-la-formacion-1\/\" \/>\n<meta property=\"og:locale\" content=\"de_DE\" \/>\n<meta property=\"og:type\" content=\"article\" \/>\n<meta property=\"og:title\" content=\"Alianza para la Formaci\u00f3n 1\u00a0 - Afosfoundation\" \/>\n<meta property=\"og:description\" content=\"Das Projekt st\u00e4rkte die praxisnahe duale Ausbildung in Tourismus und Digitalwirtschaft und die Integration von jungen Menschen in den Arbeitsmarkt. Zugleich wurde die Sichtbarkeit dualer Bildung durch Kommunikation und Netzwerkaufbau erh\u00f6ht.&nbsp; Ausgangslage Nach der Corona-Pandemie erreichte die Jugendarbeitslosigkeit in Kolumbien \u00fcber 25\u202f%. Besonders betroffen waren Jugendliche, Frauen und ethnische Minderheiten. Trotz dieser Herausforderungen z\u00e4hlt Antioquia [&hellip;]\" \/>\n<meta property=\"og:url\" content=\"https:\/\/afos-stiftung.de\/de\/projects\/alianza-para-la-formacion-1\/\" \/>\n<meta property=\"og:site_name\" content=\"Afosfoundation\" \/>\n<meta property=\"article:modified_time\" content=\"2025-11-22T00:13:06+00:00\" \/>\n<meta property=\"og:image\" content=\"https:\/\/afos-stiftung.de\/wp-content\/uploads\/2025\/11\/ccm-360x360.png\" \/>\n<meta name=\"twitter:card\" content=\"summary_large_image\" \/>\n<meta name=\"twitter:label1\" content=\"Gesch\u00e4tzte Lesezeit\" \/>\n\t<meta name=\"twitter:data1\" content=\"2 Minuten\" \/>\n<script type=\"application\/ld+json\" class=\"yoast-schema-graph\">{\"@context\":\"https:\/\/schema.org\",\"@graph\":[{\"@type\":\"WebPage\",\"@id\":\"https:\/\/afos-stiftung.de\/de\/projects\/alianza-para-la-formacion-1\/\",\"url\":\"https:\/\/afos-stiftung.de\/de\/projects\/alianza-para-la-formacion-1\/\",\"name\":\"Alianza para la Formaci\u00f3n 1\u00a0 - Afosfoundation\",\"isPartOf\":{\"@id\":\"https:\/\/afos-stiftung.de\/de\/#website\"},\"datePublished\":\"2025-11-21T19:54:27+00:00\",\"dateModified\":\"2025-11-22T00:13:06+00:00\",\"breadcrumb\":{\"@id\":\"https:\/\/afos-stiftung.de\/de\/projects\/alianza-para-la-formacion-1\/#breadcrumb\"},\"inLanguage\":\"de-DE\",\"potentialAction\":[{\"@type\":\"ReadAction\",\"target\":[\"https:\/\/afos-stiftung.de\/de\/projects\/alianza-para-la-formacion-1\/\"]}]},{\"@type\":\"BreadcrumbList\",\"@id\":\"https:\/\/afos-stiftung.de\/de\/projects\/alianza-para-la-formacion-1\/#breadcrumb\",\"itemListElement\":[{\"@type\":\"ListItem\",\"position\":1,\"name\":\"Home\",\"item\":\"https:\/\/afos-stiftung.de\/de\/\"},{\"@type\":\"ListItem\",\"position\":2,\"name\":\"Alianza para la Formaci\u00f3n 1\u00a0\"}]},{\"@type\":\"WebSite\",\"@id\":\"https:\/\/afos-stiftung.de\/de\/#website\",\"url\":\"https:\/\/afos-stiftung.de\/de\/\",\"name\":\"Afosfoundation\",\"description\":\"Afosfoundation\",\"publisher\":{\"@id\":\"https:\/\/afos-stiftung.de\/de\/#organization\"},\"potentialAction\":[{\"@type\":\"SearchAction\",\"target\":{\"@type\":\"EntryPoint\",\"urlTemplate\":\"https:\/\/afos-stiftung.de\/de\/?s={search_term_string}\"},\"query-input\":\"required name=search_term_string\"}],\"inLanguage\":\"de-DE\"},{\"@type\":\"Organization\",\"@id\":\"https:\/\/afos-stiftung.de\/de\/#organization\",\"name\":\"Afosfoundation\",\"url\":\"https:\/\/afos-stiftung.de\/de\/\",\"sameAs\":[],\"logo\":{\"@type\":\"ImageObject\",\"inLanguage\":\"de-DE\",\"@id\":\"https:\/\/afos-stiftung.de\/de\/#\/schema\/logo\/image\/\",\"url\":\"https:\/\/afos-stiftung.de\/wp-content\/uploads\/2023\/02\/cropped-Logo-AFOS-Website-1-1.png\",\"contentUrl\":\"https:\/\/afos-stiftung.de\/wp-content\/uploads\/2023\/02\/cropped-Logo-AFOS-Website-1-1.png\",\"width\":300,\"height\":217,\"caption\":\"Afosfoundation\"},\"image\":{\"@id\":\"https:\/\/afos-stiftung.de\/de\/#\/schema\/logo\/image\/\"}}]}<\/script>\n<!-- \/ Yoast SEO plugin. -->","yoast_head_json":{"title":"Alianza para la Formaci\u00f3n 1\u00a0 - Afosfoundation","robots":{"index":"index","follow":"follow","max-snippet":"max-snippet:-1","max-image-preview":"max-image-preview:large","max-video-preview":"max-video-preview:-1"},"canonical":"https:\/\/afos-stiftung.de\/de\/projects\/alianza-para-la-formacion-1\/","og_locale":"de_DE","og_type":"article","og_title":"Alianza para la Formaci\u00f3n 1\u00a0 - Afosfoundation","og_description":"Das Projekt st\u00e4rkte die praxisnahe duale Ausbildung in Tourismus und Digitalwirtschaft und die Integration von jungen Menschen in den Arbeitsmarkt. Zugleich wurde die Sichtbarkeit dualer Bildung durch Kommunikation und Netzwerkaufbau erh\u00f6ht.&nbsp; Ausgangslage Nach der Corona-Pandemie erreichte die Jugendarbeitslosigkeit in Kolumbien \u00fcber 25\u202f%. Besonders betroffen waren Jugendliche, Frauen und ethnische Minderheiten. Trotz dieser Herausforderungen z\u00e4hlt Antioquia [&hellip;]","og_url":"https:\/\/afos-stiftung.de\/de\/projects\/alianza-para-la-formacion-1\/","og_site_name":"Afosfoundation","article_modified_time":"2025-11-22T00:13:06+00:00","og_image":[{"url":"https:\/\/afos-stiftung.de\/wp-content\/uploads\/2025\/11\/ccm-360x360.png"}],"twitter_card":"summary_large_image","twitter_misc":{"Gesch\u00e4tzte Lesezeit":"2 Minuten"},"schema":{"@context":"https:\/\/schema.org","@graph":[{"@type":"WebPage","@id":"https:\/\/afos-stiftung.de\/de\/projects\/alianza-para-la-formacion-1\/","url":"https:\/\/afos-stiftung.de\/de\/projects\/alianza-para-la-formacion-1\/","name":"Alianza para la Formaci\u00f3n 1\u00a0 - Afosfoundation","isPartOf":{"@id":"https:\/\/afos-stiftung.de\/de\/#website"},"datePublished":"2025-11-21T19:54:27+00:00","dateModified":"2025-11-22T00:13:06+00:00","breadcrumb":{"@id":"https:\/\/afos-stiftung.de\/de\/projects\/alianza-para-la-formacion-1\/#breadcrumb"},"inLanguage":"de-DE","potentialAction":[{"@type":"ReadAction","target":["https:\/\/afos-stiftung.de\/de\/projects\/alianza-para-la-formacion-1\/"]}]},{"@type":"BreadcrumbList","@id":"https:\/\/afos-stiftung.de\/de\/projects\/alianza-para-la-formacion-1\/#breadcrumb","itemListElement":[{"@type":"ListItem","position":1,"name":"Home","item":"https:\/\/afos-stiftung.de\/de\/"},{"@type":"ListItem","position":2,"name":"Alianza para la Formaci\u00f3n 1\u00a0"}]},{"@type":"WebSite","@id":"https:\/\/afos-stiftung.de\/de\/#website","url":"https:\/\/afos-stiftung.de\/de\/","name":"Afosfoundation","description":"Afosfoundation","publisher":{"@id":"https:\/\/afos-stiftung.de\/de\/#organization"},"potentialAction":[{"@type":"SearchAction","target":{"@type":"EntryPoint","urlTemplate":"https:\/\/afos-stiftung.de\/de\/?s={search_term_string}"},"query-input":"required name=search_term_string"}],"inLanguage":"de-DE"},{"@type":"Organization","@id":"https:\/\/afos-stiftung.de\/de\/#organization","name":"Afosfoundation","url":"https:\/\/afos-stiftung.de\/de\/","sameAs":[],"logo":{"@type":"ImageObject","inLanguage":"de-DE","@id":"https:\/\/afos-stiftung.de\/de\/#\/schema\/logo\/image\/","url":"https:\/\/afos-stiftung.de\/wp-content\/uploads\/2023\/02\/cropped-Logo-AFOS-Website-1-1.png","contentUrl":"https:\/\/afos-stiftung.de\/wp-content\/uploads\/2023\/02\/cropped-Logo-AFOS-Website-1-1.png","width":300,"height":217,"caption":"Afosfoundation"},"image":{"@id":"https:\/\/afos-stiftung.de\/de\/#\/schema\/logo\/image\/"}}]}},"_links":{"self":[{"href":"https:\/\/afos-stiftung.de\/de\/wp-json\/wp\/v2\/projects\/7327"}],"collection":[{"href":"https:\/\/afos-stiftung.de\/de\/wp-json\/wp\/v2\/projects"}],"about":[{"href":"https:\/\/afos-stiftung.de\/de\/wp-json\/wp\/v2\/types\/projects"}],"wp:attachment":[{"href":"https:\/\/afos-stiftung.de\/de\/wp-json\/wp\/v2\/media?parent=7327"}],"curies":[{"name":"wp","href":"https:\/\/api.w.org\/{rel}","templated":true}]}}