{"id":7347,"date":"2025-11-21T20:25:12","date_gmt":"2025-11-21T20:25:12","guid":{"rendered":"https:\/\/afos-stiftung.de\/?post_type=projects&#038;p=7347"},"modified":"2025-11-21T20:26:24","modified_gmt":"2025-11-21T20:26:24","slug":"alianza-empresarial-para-la-educacion-dual","status":"publish","type":"projects","link":"https:\/\/afos-stiftung.de\/de\/projects\/alianza-empresarial-para-la-educacion-dual\/","title":{"rendered":"Alianza Empresarial para la educaci\u00f3n dual"},"content":{"rendered":"\n<p class=\"has-medium-font-size\" style=\"font-style:normal;font-weight:500\">Das Projekt f\u00fchrte ein duales Berufsbildungssystem in der Region Centro-Baj\u00edo-Occidente ein, vernetzte Unternehmen mit Hochschulen und erleichterte jungen Menschen den Einstieg in qualifizierte Besch\u00e4ftigung. Zugleich st\u00e4rkte es die Wettbewerbsf\u00e4higkeit der regionalen Wirtschaft.\u00a0<\/p>\n\n\n\n<hr class=\"wp-block-separator has-text-color has-black-color has-alpha-channel-opacity has-black-background-color has-background is-style-dots\"\/>\n\n\n\n<div class=\"wp-container-7 wp-block-columns\">\n<div class=\"wp-container-6 wp-block-column\">\n<div class=\"wp-container-5 wp-block-columns\">\n<div class=\"wp-container-4 wp-block-column\" style=\"flex-basis:100%\">\n<div class=\"wp-container-3 wp-block-columns\">\n<div class=\"wp-container-1 wp-block-column\" style=\"flex-basis:75%\">\n<p class=\"has-medium-font-size\" style=\"font-style:normal;font-weight:500;text-transform:uppercase\">Ausgangslage<\/p>\n\n\n\n<p>Die Region Centro-Baj\u00edo-Occidente verzeichnet dynamisches Wirtschaftswachstum, leidet jedoch unter einer ausgepr\u00e4gten Fachkr\u00e4ftel\u00fccke. Trotz einer niedrigen landesweiten Arbeitslosenquote arbeiteten viele Menschen informell und ohne soziale Sicherung, w\u00e4hrend Unternehmen h\u00e4nderingend nach praxisnah ausgebildeten Fachkr\u00e4ften suchten. Das deutsche Modell der dualen Ausbildung bietet einen erprobten Ansatz, um Ausbildungsqualit\u00e4t und Besch\u00e4ftigungschancen zu verbessern.\u00a0<\/p>\n\n\n\n<p class=\"has-medium-font-size\" style=\"font-style:normal;font-weight:500;text-transform:uppercase\">Ziel<\/p>\n\n\n\n<p>Das Ziel war, die Besch\u00e4ftigungsf\u00e4higkeit junger Menschen zu verbessern und gleichzeitig die Wettbewerbsf\u00e4higkeit der Unternehmen in der Region Centro-Baj\u00edo-Occidente zu st\u00e4rken.\u00a0<\/p>\n\n\n\n<p class=\"has-medium-font-size\" style=\"font-style:normal;font-weight:500;text-transform:uppercase\">ERGEBNISSE<\/p>\n\n\n\n<ul><li>612 Unternehmen boten nach Projektende neu duale Ausbildungs\u00adpl\u00e4tze an.&nbsp;<\/li><\/ul>\n\n\n\n<ul><li>130 Ingenieur- und Wirtschaftsstudieng\u00e4nge wurden nach dualen Kriterien \u00fcberarbeitet.&nbsp;<\/li><\/ul>\n\n\n\n<ul><li>2.010 Studierende starteten eine duale Hochschulausbildung.&nbsp;<\/li><\/ul>\n\n\n\n<ul><li>Alle drei beteiligten Bundesstaaten verabschiedeten verbindliche Mindeststandards und Richtlinien f\u00fcr duale Programme und richteten jeweils einen Unternehmens\u00adrat f\u00fcr duale Ausbildung ein, der den Dialog zwischen Wirtschaft, Bildungseinrichtungen und Regierung verstetigt.&nbsp;<\/li><\/ul>\n<\/div>\n\n\n\n<div class=\"wp-container-2 wp-block-column\" style=\"flex-basis:25%\">\n<p class=\"has-black-color has-text-color has-background\" style=\"background-color:#d2e6e9\"><strong>Projektlaufzeit: <\/strong><br>2020 &#8211; 2023<br><br><strong>Projektbudget: <\/strong><br>1,4 Mio. \u20ac<br><br><strong>Partnerorganisationen: <\/strong><br>COPARMEX Le\u00f3n, COPARMEX Quer\u00e9taro, CCIJ<br><br><strong>Land:<\/strong><br>Mexiko<br><br><strong>Geldgeber: <\/strong><br>BMZ via sequa<\/p>\n<\/div>\n<\/div>\n<\/div>\n<\/div>\n<\/div>\n<\/div>\n\n\n\n<h3 class=\"has-text-align-center\">UNSERE PARTNER<\/h3>\n\n\n\n<hr class=\"wp-block-separator has-alpha-channel-opacity is-style-dots\"\/>\n\n\n\n<div class=\"wp-container-13 wp-block-columns\">\n<div class=\"wp-container-12 wp-block-column\" style=\"flex-basis:100%\">\n<div class=\"wp-container-11 wp-block-columns\">\n<div class=\"wp-container-8 wp-block-column\">\n<figure class=\"wp-block-image size-large\"><a href=\"https:\/\/coparmexleon.org\/\"><img loading=\"lazy\" width=\"1024\" height=\"1024\" src=\"https:\/\/afos-stiftung.de\/wp-content\/uploads\/2025\/11\/copa_leon-1024x1024.png\" alt=\"\" class=\"wp-image-7348\" srcset=\"https:\/\/afos-stiftung.de\/wp-content\/uploads\/2025\/11\/copa_leon-1024x1024.png 1024w, https:\/\/afos-stiftung.de\/wp-content\/uploads\/2025\/11\/copa_leon-360x360.png 360w, https:\/\/afos-stiftung.de\/wp-content\/uploads\/2025\/11\/copa_leon-150x150.png 150w, https:\/\/afos-stiftung.de\/wp-content\/uploads\/2025\/11\/copa_leon-768x768.png 768w, https:\/\/afos-stiftung.de\/wp-content\/uploads\/2025\/11\/copa_leon-242x242.png 242w, https:\/\/afos-stiftung.de\/wp-content\/uploads\/2025\/11\/copa_leon.png 1200w\" sizes=\"(max-width: 1024px) 100vw, 1024px\" \/><\/a><\/figure>\n<\/div>\n\n\n\n<div class=\"wp-container-9 wp-block-column\">\n<figure class=\"wp-block-image size-large\"><a href=\"https:\/\/www.sequa.de\/\"><img loading=\"lazy\" width=\"1024\" height=\"1024\" src=\"http:\/\/afos-stiftung.de\/wp-content\/uploads\/2025\/11\/sequa-1024x1024.png\" alt=\"\" class=\"wp-image-7266\" srcset=\"https:\/\/afos-stiftung.de\/wp-content\/uploads\/2025\/11\/sequa-1024x1024.png 1024w, https:\/\/afos-stiftung.de\/wp-content\/uploads\/2025\/11\/sequa-360x360.png 360w, https:\/\/afos-stiftung.de\/wp-content\/uploads\/2025\/11\/sequa-150x150.png 150w, https:\/\/afos-stiftung.de\/wp-content\/uploads\/2025\/11\/sequa-768x768.png 768w, https:\/\/afos-stiftung.de\/wp-content\/uploads\/2025\/11\/sequa-242x242.png 242w, https:\/\/afos-stiftung.de\/wp-content\/uploads\/2025\/11\/sequa.png 1200w\" sizes=\"(max-width: 1024px) 100vw, 1024px\" \/><\/a><\/figure>\n<\/div>\n\n\n\n<div class=\"wp-container-10 wp-block-column\">\n<figure class=\"wp-block-image size-large\"><a href=\"https:\/\/www.bmz.de\/de\"><img loading=\"lazy\" width=\"1024\" height=\"1024\" src=\"http:\/\/afos-stiftung.de\/wp-content\/uploads\/2025\/11\/BMZ-1024x1024.png\" alt=\"\" class=\"wp-image-7262\" srcset=\"https:\/\/afos-stiftung.de\/wp-content\/uploads\/2025\/11\/BMZ-1024x1024.png 1024w, https:\/\/afos-stiftung.de\/wp-content\/uploads\/2025\/11\/BMZ-360x360.png 360w, https:\/\/afos-stiftung.de\/wp-content\/uploads\/2025\/11\/BMZ-150x150.png 150w, https:\/\/afos-stiftung.de\/wp-content\/uploads\/2025\/11\/BMZ-768x768.png 768w, https:\/\/afos-stiftung.de\/wp-content\/uploads\/2025\/11\/BMZ-242x242.png 242w, https:\/\/afos-stiftung.de\/wp-content\/uploads\/2025\/11\/BMZ.png 1200w\" sizes=\"(max-width: 1024px) 100vw, 1024px\" \/><\/a><\/figure>\n<\/div>\n<\/div>\n<\/div>\n<\/div>\n\n\n\n<div class=\"wp-container-17 wp-block-columns\">\n<div class=\"wp-container-14 wp-block-column\">\n<figure class=\"wp-block-image size-large\"><a href=\"https:\/\/coparmexqro.org\/\"><img loading=\"lazy\" width=\"1024\" height=\"1024\" src=\"https:\/\/afos-stiftung.de\/wp-content\/uploads\/2025\/11\/copa_quere-1024x1024.png\" alt=\"\" class=\"wp-image-7350\" srcset=\"https:\/\/afos-stiftung.de\/wp-content\/uploads\/2025\/11\/copa_quere-1024x1024.png 1024w, https:\/\/afos-stiftung.de\/wp-content\/uploads\/2025\/11\/copa_quere-360x360.png 360w, https:\/\/afos-stiftung.de\/wp-content\/uploads\/2025\/11\/copa_quere-150x150.png 150w, https:\/\/afos-stiftung.de\/wp-content\/uploads\/2025\/11\/copa_quere-768x768.png 768w, https:\/\/afos-stiftung.de\/wp-content\/uploads\/2025\/11\/copa_quere-242x242.png 242w, https:\/\/afos-stiftung.de\/wp-content\/uploads\/2025\/11\/copa_quere.png 1200w\" sizes=\"(max-width: 1024px) 100vw, 1024px\" \/><\/a><\/figure>\n<\/div>\n\n\n\n<div class=\"wp-container-15 wp-block-column\"><\/div>\n\n\n\n<div class=\"wp-container-16 wp-block-column\">\n<figure class=\"wp-block-image size-large\"><a href=\"https:\/\/www.ccij.org.mx\/\"><img loading=\"lazy\" width=\"1024\" height=\"1024\" src=\"https:\/\/afos-stiftung.de\/wp-content\/uploads\/2025\/11\/ccij-1024x1024.png\" alt=\"\" class=\"wp-image-7352\" srcset=\"https:\/\/afos-stiftung.de\/wp-content\/uploads\/2025\/11\/ccij-1024x1024.png 1024w, https:\/\/afos-stiftung.de\/wp-content\/uploads\/2025\/11\/ccij-360x360.png 360w, https:\/\/afos-stiftung.de\/wp-content\/uploads\/2025\/11\/ccij-150x150.png 150w, https:\/\/afos-stiftung.de\/wp-content\/uploads\/2025\/11\/ccij-768x768.png 768w, https:\/\/afos-stiftung.de\/wp-content\/uploads\/2025\/11\/ccij-242x242.png 242w, https:\/\/afos-stiftung.de\/wp-content\/uploads\/2025\/11\/ccij.png 1200w\" sizes=\"(max-width: 1024px) 100vw, 1024px\" \/><\/a><\/figure>\n<\/div>\n<\/div>\n","protected":false},"featured_media":7354,"template":"","acf":[],"yoast_head":"<!-- This site is optimized with the Yoast SEO plugin v19.5.1 - https:\/\/yoast.com\/wordpress\/plugins\/seo\/ -->\n<title>Alianza Empresarial para la educaci\u00f3n dual - Afosfoundation<\/title>\n<meta name=\"robots\" content=\"index, follow, max-snippet:-1, max-image-preview:large, max-video-preview:-1\" \/>\n<link rel=\"canonical\" href=\"https:\/\/afos-stiftung.de\/de\/projects\/alianza-empresarial-para-la-educacion-dual\/\" \/>\n<meta property=\"og:locale\" content=\"de_DE\" \/>\n<meta property=\"og:type\" content=\"article\" \/>\n<meta property=\"og:title\" content=\"Alianza Empresarial para la educaci\u00f3n dual - Afosfoundation\" \/>\n<meta property=\"og:description\" content=\"Das Projekt f\u00fchrte ein duales Berufsbildungssystem in der Region Centro-Baj\u00edo-Occidente ein, vernetzte Unternehmen mit Hochschulen und erleichterte jungen Menschen den Einstieg in qualifizierte Besch\u00e4ftigung. Zugleich st\u00e4rkte es die Wettbewerbsf\u00e4higkeit der regionalen Wirtschaft.\u00a0 Ausgangslage Die Region Centro-Baj\u00edo-Occidente verzeichnet dynamisches Wirtschaftswachstum, leidet jedoch unter einer ausgepr\u00e4gten Fachkr\u00e4ftel\u00fccke. Trotz einer niedrigen landesweiten Arbeitslosenquote arbeiteten viele Menschen informell und [&hellip;]\" \/>\n<meta property=\"og:url\" content=\"https:\/\/afos-stiftung.de\/de\/projects\/alianza-empresarial-para-la-educacion-dual\/\" \/>\n<meta property=\"og:site_name\" content=\"Afosfoundation\" \/>\n<meta property=\"article:modified_time\" content=\"2025-11-21T20:26:24+00:00\" \/>\n<meta property=\"og:image\" content=\"http:\/\/afos-stiftung.de\/wp-content\/uploads\/2025\/11\/AEDUAL-Mexico-Worker-e1763756769535.jpg\" \/>\n\t<meta property=\"og:image:width\" content=\"1000\" \/>\n\t<meta property=\"og:image:height\" content=\"535\" \/>\n\t<meta property=\"og:image:type\" content=\"image\/jpeg\" \/>\n<meta name=\"twitter:card\" content=\"summary_large_image\" \/>\n<meta name=\"twitter:label1\" content=\"Gesch\u00e4tzte Lesezeit\" \/>\n\t<meta name=\"twitter:data1\" content=\"3 Minuten\" \/>\n<script type=\"application\/ld+json\" class=\"yoast-schema-graph\">{\"@context\":\"https:\/\/schema.org\",\"@graph\":[{\"@type\":\"WebPage\",\"@id\":\"https:\/\/afos-stiftung.de\/de\/projects\/alianza-empresarial-para-la-educacion-dual\/\",\"url\":\"https:\/\/afos-stiftung.de\/de\/projects\/alianza-empresarial-para-la-educacion-dual\/\",\"name\":\"Alianza Empresarial para la educaci\u00f3n dual - Afosfoundation\",\"isPartOf\":{\"@id\":\"https:\/\/afos-stiftung.de\/de\/#website\"},\"datePublished\":\"2025-11-21T20:25:12+00:00\",\"dateModified\":\"2025-11-21T20:26:24+00:00\",\"breadcrumb\":{\"@id\":\"https:\/\/afos-stiftung.de\/de\/projects\/alianza-empresarial-para-la-educacion-dual\/#breadcrumb\"},\"inLanguage\":\"de-DE\",\"potentialAction\":[{\"@type\":\"ReadAction\",\"target\":[\"https:\/\/afos-stiftung.de\/de\/projects\/alianza-empresarial-para-la-educacion-dual\/\"]}]},{\"@type\":\"BreadcrumbList\",\"@id\":\"https:\/\/afos-stiftung.de\/de\/projects\/alianza-empresarial-para-la-educacion-dual\/#breadcrumb\",\"itemListElement\":[{\"@type\":\"ListItem\",\"position\":1,\"name\":\"Home\",\"item\":\"https:\/\/afos-stiftung.de\/de\/\"},{\"@type\":\"ListItem\",\"position\":2,\"name\":\"Alianza Empresarial para la educaci\u00f3n dual\"}]},{\"@type\":\"WebSite\",\"@id\":\"https:\/\/afos-stiftung.de\/de\/#website\",\"url\":\"https:\/\/afos-stiftung.de\/de\/\",\"name\":\"Afosfoundation\",\"description\":\"Afosfoundation\",\"publisher\":{\"@id\":\"https:\/\/afos-stiftung.de\/de\/#organization\"},\"potentialAction\":[{\"@type\":\"SearchAction\",\"target\":{\"@type\":\"EntryPoint\",\"urlTemplate\":\"https:\/\/afos-stiftung.de\/de\/?s={search_term_string}\"},\"query-input\":\"required name=search_term_string\"}],\"inLanguage\":\"de-DE\"},{\"@type\":\"Organization\",\"@id\":\"https:\/\/afos-stiftung.de\/de\/#organization\",\"name\":\"Afosfoundation\",\"url\":\"https:\/\/afos-stiftung.de\/de\/\",\"sameAs\":[],\"logo\":{\"@type\":\"ImageObject\",\"inLanguage\":\"de-DE\",\"@id\":\"https:\/\/afos-stiftung.de\/de\/#\/schema\/logo\/image\/\",\"url\":\"https:\/\/afos-stiftung.de\/wp-content\/uploads\/2023\/02\/cropped-Logo-AFOS-Website-1-1.png\",\"contentUrl\":\"https:\/\/afos-stiftung.de\/wp-content\/uploads\/2023\/02\/cropped-Logo-AFOS-Website-1-1.png\",\"width\":300,\"height\":217,\"caption\":\"Afosfoundation\"},\"image\":{\"@id\":\"https:\/\/afos-stiftung.de\/de\/#\/schema\/logo\/image\/\"}}]}<\/script>\n<!-- \/ Yoast SEO plugin. -->","yoast_head_json":{"title":"Alianza Empresarial para la educaci\u00f3n dual - Afosfoundation","robots":{"index":"index","follow":"follow","max-snippet":"max-snippet:-1","max-image-preview":"max-image-preview:large","max-video-preview":"max-video-preview:-1"},"canonical":"https:\/\/afos-stiftung.de\/de\/projects\/alianza-empresarial-para-la-educacion-dual\/","og_locale":"de_DE","og_type":"article","og_title":"Alianza Empresarial para la educaci\u00f3n dual - Afosfoundation","og_description":"Das Projekt f\u00fchrte ein duales Berufsbildungssystem in der Region Centro-Baj\u00edo-Occidente ein, vernetzte Unternehmen mit Hochschulen und erleichterte jungen Menschen den Einstieg in qualifizierte Besch\u00e4ftigung. Zugleich st\u00e4rkte es die Wettbewerbsf\u00e4higkeit der regionalen Wirtschaft.\u00a0 Ausgangslage Die Region Centro-Baj\u00edo-Occidente verzeichnet dynamisches Wirtschaftswachstum, leidet jedoch unter einer ausgepr\u00e4gten Fachkr\u00e4ftel\u00fccke. Trotz einer niedrigen landesweiten Arbeitslosenquote arbeiteten viele Menschen informell und [&hellip;]","og_url":"https:\/\/afos-stiftung.de\/de\/projects\/alianza-empresarial-para-la-educacion-dual\/","og_site_name":"Afosfoundation","article_modified_time":"2025-11-21T20:26:24+00:00","og_image":[{"width":1000,"height":535,"url":"http:\/\/afos-stiftung.de\/wp-content\/uploads\/2025\/11\/AEDUAL-Mexico-Worker-e1763756769535.jpg","type":"image\/jpeg"}],"twitter_card":"summary_large_image","twitter_misc":{"Gesch\u00e4tzte Lesezeit":"3 Minuten"},"schema":{"@context":"https:\/\/schema.org","@graph":[{"@type":"WebPage","@id":"https:\/\/afos-stiftung.de\/de\/projects\/alianza-empresarial-para-la-educacion-dual\/","url":"https:\/\/afos-stiftung.de\/de\/projects\/alianza-empresarial-para-la-educacion-dual\/","name":"Alianza Empresarial para la educaci\u00f3n dual - Afosfoundation","isPartOf":{"@id":"https:\/\/afos-stiftung.de\/de\/#website"},"datePublished":"2025-11-21T20:25:12+00:00","dateModified":"2025-11-21T20:26:24+00:00","breadcrumb":{"@id":"https:\/\/afos-stiftung.de\/de\/projects\/alianza-empresarial-para-la-educacion-dual\/#breadcrumb"},"inLanguage":"de-DE","potentialAction":[{"@type":"ReadAction","target":["https:\/\/afos-stiftung.de\/de\/projects\/alianza-empresarial-para-la-educacion-dual\/"]}]},{"@type":"BreadcrumbList","@id":"https:\/\/afos-stiftung.de\/de\/projects\/alianza-empresarial-para-la-educacion-dual\/#breadcrumb","itemListElement":[{"@type":"ListItem","position":1,"name":"Home","item":"https:\/\/afos-stiftung.de\/de\/"},{"@type":"ListItem","position":2,"name":"Alianza Empresarial para la educaci\u00f3n dual"}]},{"@type":"WebSite","@id":"https:\/\/afos-stiftung.de\/de\/#website","url":"https:\/\/afos-stiftung.de\/de\/","name":"Afosfoundation","description":"Afosfoundation","publisher":{"@id":"https:\/\/afos-stiftung.de\/de\/#organization"},"potentialAction":[{"@type":"SearchAction","target":{"@type":"EntryPoint","urlTemplate":"https:\/\/afos-stiftung.de\/de\/?s={search_term_string}"},"query-input":"required name=search_term_string"}],"inLanguage":"de-DE"},{"@type":"Organization","@id":"https:\/\/afos-stiftung.de\/de\/#organization","name":"Afosfoundation","url":"https:\/\/afos-stiftung.de\/de\/","sameAs":[],"logo":{"@type":"ImageObject","inLanguage":"de-DE","@id":"https:\/\/afos-stiftung.de\/de\/#\/schema\/logo\/image\/","url":"https:\/\/afos-stiftung.de\/wp-content\/uploads\/2023\/02\/cropped-Logo-AFOS-Website-1-1.png","contentUrl":"https:\/\/afos-stiftung.de\/wp-content\/uploads\/2023\/02\/cropped-Logo-AFOS-Website-1-1.png","width":300,"height":217,"caption":"Afosfoundation"},"image":{"@id":"https:\/\/afos-stiftung.de\/de\/#\/schema\/logo\/image\/"}}]}},"_links":{"self":[{"href":"https:\/\/afos-stiftung.de\/de\/wp-json\/wp\/v2\/projects\/7347"}],"collection":[{"href":"https:\/\/afos-stiftung.de\/de\/wp-json\/wp\/v2\/projects"}],"about":[{"href":"https:\/\/afos-stiftung.de\/de\/wp-json\/wp\/v2\/types\/projects"}],"wp:featuredmedia":[{"embeddable":true,"href":"https:\/\/afos-stiftung.de\/de\/wp-json\/wp\/v2\/media\/7354"}],"wp:attachment":[{"href":"https:\/\/afos-stiftung.de\/de\/wp-json\/wp\/v2\/media?parent=7347"}],"curies":[{"name":"wp","href":"https:\/\/api.w.org\/{rel}","templated":true}]}}